{"id":287637,"date":"2022-09-01T15:00:10","date_gmt":"2022-09-01T13:00:10","guid":{"rendered":"https:\/\/www.huntersfriend.eu\/product\/eberlestock-team-elk-ryggsack\/"},"modified":"2025-08-27T06:24:16","modified_gmt":"2025-08-27T04:24:16","slug":"eberlestock-team-elk-ryggsack","status":"publish","type":"product","link":"https:\/\/www.huntersfriend.eu\/sv\/produkt\/eberlestock-team-elk-ryggsack\/","title":{"rendered":"Eberlestock team elk-ryggs\u00e4ck"},"content":{"rendered":"<p>Du st\u00f6der inte bara en bra sak, bevarandet av vilda djur och deras livsmilj\u00f6er, utan du f\u00e5r ocks\u00e5 en av de mest m\u00e5ngsidiga allroundryggs\u00e4ckarna p\u00e5 marknaden. M\u00f6jligheten att b\u00e4ra antingen ett gev\u00e4r eller en pilb\u00e5ge, eller b\u00e5da, g\u00f6r detta till den perfekta ryggs\u00e4cken f\u00f6r alla jakts\u00e4songer. Med djupa sidofickor f\u00f6r v\u00e4tska eller tubkikare, sp\u00e4nnband f\u00f6r att packa ut k\u00f6tt och v\u00e5rt mycket vattenavvisande NT7\u2122-tyg, som h\u00e5ller din utrustning torr samtidigt som det \u00e4r tyst n\u00e4r du smyger p\u00e5 ditt byte.  <\/p>\n<p><strong>FUNKTIONER<\/strong><\/p>\n<ul>\n<li>\u00c5tkomst framifr\u00e5n och uppifr\u00e5n<\/li>\n<li>Fickor f\u00f6r tubkikare\/v\u00e4tska<\/li>\n<li>B\u00e5gh\u00e5llare och utvikbart gev\u00e4rsfodral<\/li>\n<li>Grapple kompressionsremmar<\/li>\n<\/ul>\n<p><strong>SPECIFIKATIONER<\/strong><\/p>\n<ul>\n<li>Volym: ~50 liter<\/li>\n<li>Vikt: 3,15 kg<\/li>\n<li>M\u00e5tt huvudfack: 63,5H x 34,3W x 24,1D<\/li>\n<li>M\u00e5tt gev\u00e4rsfodral: 86,4 cm L x 25,4 cm B x 5,1 cm D, med en \u00f6ppning p\u00e5 61 cm i omkrets<\/li>\n<\/ul>\n","protected":false},"excerpt":{"rendered":"<p>Du st\u00f6der inte bara en bra sak, bevarandet av vilda djur och deras livsmilj\u00f6er, utan du f\u00e5r ocks\u00e5 en av de mest m\u00e5ngsidiga allroundryggs\u00e4ckarna p\u00e5 marknaden. M\u00f6jligheten att b\u00e4ra antingen ett gev\u00e4r eller en pilb\u00e5ge, eller b\u00e5da, g\u00f6r detta till den perfekta ryggs\u00e4cken f\u00f6r alla jakts\u00e4songer. Med djupa sidofickor f\u00f6r v\u00e4tska eller tubkikare, sp\u00e4nnband f\u00f6r [&#8230;]\n","protected":false},"featured_media":236054,"comment_status":"open","ping_status":"closed","template":"","meta":[],"product_brand":[],"product_cat":[2565],"product_tag":[],"class_list":{"0":"post-287637","1":"product","2":"type-product","3":"status-publish","4":"has-post-thumbnail","6":"product_cat-jaktryggsackar","7":"product_shipping_class-medium-sv","9":"first","10":"instock","11":"taxable","12":"shipping-taxable","13":"purchasable","14":"product-type-variable"},"composite_virtual":false,"composite_layout":"","composite_add_to_cart_form_location":"","composite_editable_in_cart":false,"composite_sold_individually_context":"","composite_shop_price_calc":"","composite_components":[],"composite_scenarios":[],"group_of_quantity":0,"min_quantity":0,"max_quantity":"","exclude_order_quantity_value_rules":"no","exclude_category_quantity_rules":"no","combine_variations":"no","exclude_global_add_ons":[],"addons":[],"_links":{"self":[{"href":"https:\/\/www.huntersfriend.eu\/sv\/wp-json\/wp\/v2\/product\/287637","targetHints":{"allow":["GET"]}}],"collection":[{"href":"https:\/\/www.huntersfriend.eu\/sv\/wp-json\/wp\/v2\/product"}],"about":[{"href":"https:\/\/www.huntersfriend.eu\/sv\/wp-json\/wp\/v2\/types\/product"}],"replies":[{"embeddable":true,"href":"https:\/\/www.huntersfriend.eu\/sv\/wp-json\/wp\/v2\/comments?post=287637"}],"wp:featuredmedia":[{"embeddable":true,"href":"https:\/\/www.huntersfriend.eu\/sv\/wp-json\/wp\/v2\/media\/236054"}],"wp:attachment":[{"href":"https:\/\/www.huntersfriend.eu\/sv\/wp-json\/wp\/v2\/media?parent=287637"}],"wp:term":[{"taxonomy":"product_brand","embeddable":true,"href":"https:\/\/www.huntersfriend.eu\/sv\/wp-json\/wp\/v2\/product_brand?post=287637"},{"taxonomy":"product_cat","embeddable":true,"href":"https:\/\/www.huntersfriend.eu\/sv\/wp-json\/wp\/v2\/product_cat?post=287637"},{"taxonomy":"product_tag","embeddable":true,"href":"https:\/\/www.huntersfriend.eu\/sv\/wp-json\/wp\/v2\/product_tag?post=287637"}],"curies":[{"name":"wp","href":"https:\/\/api.w.org\/{rel}","templated":true}]}}