{"id":287241,"date":"2023-03-16T13:15:19","date_gmt":"2023-03-16T11:15:19","guid":{"rendered":"https:\/\/www.huntersfriend.eu\/product\/alps-outdoorz-covert-2-0\/"},"modified":"2025-08-26T14:49:48","modified_gmt":"2025-08-26T12:49:48","slug":"alps-outdoorz-covert-2-0","status":"publish","type":"product","link":"https:\/\/www.huntersfriend.eu\/sv\/produkt\/alps-outdoorz-covert-2-0\/","title":{"rendered":"Alps outdoorz covert 2.0"},"content":{"rendered":"<p>F\u00e4rg \u2013 realtree edge<\/p>\n<p>Covert-ryggs\u00e4cken utvecklades f\u00f6r komfort och m\u00e5ngsidighet. Fr\u00e5n jakt p\u00e5 storvilt till sj\u00f6f\u00e5geljakt och allt d\u00e4remellan \u00e4r Covert perfekt f\u00f6r j\u00e4garen som vill packa l\u00e4tt men \u00e4nd\u00e5 b\u00e4ra med sig viktig utrustning. <\/p>\n<p>Komfort \u00e4r en viktig faktor i Covert-ryggs\u00e4cken. Det breda och vadderade midjeb\u00e4ltet \u00e4r fullt justerbart och utformat f\u00f6r att f\u00f6rdela vikten runt b\u00e5len. F\u00f6r komfort i kallt v\u00e4der kan du placera ryggs\u00e4cken framf\u00f6r b\u00e5len och anv\u00e4nda den integrerade handv\u00e4rmarkanalen mellan b\u00e4ltet och huvudfacket.  <\/p>\n<p>F\u00f6r prim\u00e4r f\u00f6rvaring av utrustning har Covert ett gener\u00f6st huvudfack p\u00e5 8 l\/500 in<sup>3<\/sup>. F\u00f6r att h\u00e5lla utrustningen organiserad och inom r\u00e4ckh\u00e5ll har det \u00f6vre huvudfacket med dragkedja flera f\u00f6rvaringsfickor, som \u00e4r perfekta f\u00f6r att f\u00f6rvara knivar, lampor, reservbatterier, nycklar och andra sm\u00e5saker. F\u00f6r snabb\u00e5tkomst har Covert en liten f\u00f6rvaringsficka med dragkedja p\u00e5 v\u00e4nster och h\u00f6ger sida av midjeb\u00e4ltet. Dessutom finns det ett s\u00e4kert f\u00f6rvaringsfack p\u00e5 h\u00f6ger sida av ryggs\u00e4cken som \u00e4r perfekt f\u00f6r att h\u00e5lla en avst\u00e5ndsm\u00e4tare, och en vattenflaskficka p\u00e5 motsatt sida av ryggs\u00e4cken. En genomskinlig smartphone-ficka p\u00e5 huvudfackets lock ger s\u00e4ker f\u00f6rvaring av din mobila enhet.    <\/p>\n<p>Slutligen ger ytterligare f\u00e4stpunkter och ett dubbelt snabbsp\u00e4nne-och-rem-system s\u00e4ker fasts\u00e4ttning f\u00f6r extra utrustning eller kl\u00e4der.<\/p>\n<p>\u2022 L\u00e4ndryggsryggs\u00e4ck med en dold, expanderbar, integrerad handv\u00e4rmarficka<\/p>\n<p>\u2022 Huvudfacket med interna organisationsfickor fungerar utm\u00e4rkt f\u00f6r den ivrige vitsvansj\u00e4garen<\/p>\n<p>\u2022 Genomskinlig smartphone-ficka inuti huvudfacket<\/p>\n<p>\u2022 Sidoficka f\u00f6r vattenflaska och sidoficka f\u00f6r f\u00f6rvaring<\/p>\n<p>\u2022 Fack f\u00f6r att l\u00e4gga till handv\u00e4rmare<\/p>\n<p>\u2022 Externa f\u00e4stpunkter och f\u00e4stremmar f\u00f6r extra utrustning som ska l\u00e4ggas till<\/p>\n<p>\u2022 Tv\u00e5 midjeb\u00e4ltesfickor<\/p>\n<p>\u2022 Slitstarkt och tyst yttertyg i borstad trikot<\/p>\n<table border=\"3\">\n<tbody>\n<tr align=\"CENTER\">\n<td><b>Kapacitet<\/b><\/td>\n<td>500 in\u00b3 \/ 8 L<\/td>\n<\/tr>\n<tr align=\"CENTER\">\n<td><b>Huvudfackets m\u00e5tt<\/b><\/td>\n<td>7&#8243; H x 12&#8243; B x 4&#8243; D<\/td>\n<\/tr>\n<tr align=\"CENTER\">\n<td><b>Midjeb\u00e4ltets l\u00e4ngd<\/b><\/td>\n<td>31&#8243; &#8211; 58&#8243;<\/td>\n<\/tr>\n<tr align=\"CENTER\">\n<td><b>Vikt<\/b><\/td>\n<td>1 lb. 12 oz. <\/td>\n<\/tr>\n<\/tbody>\n<\/table>\n","protected":false},"excerpt":{"rendered":"<p>F\u00e4rg \u2013 realtree edge Covert-ryggs\u00e4cken utvecklades f\u00f6r komfort och m\u00e5ngsidighet. Fr\u00e5n jakt p\u00e5 storvilt till sj\u00f6f\u00e5geljakt och allt d\u00e4remellan \u00e4r Covert perfekt f\u00f6r j\u00e4garen som vill packa l\u00e4tt men \u00e4nd\u00e5 b\u00e4ra med sig viktig utrustning. Komfort \u00e4r en viktig faktor i Covert-ryggs\u00e4cken. Det breda och vadderade midjeb\u00e4ltet \u00e4r fullt justerbart och utformat f\u00f6r att f\u00f6rdela [&#8230;]\n","protected":false},"featured_media":246189,"comment_status":"open","ping_status":"closed","template":"","meta":[],"product_brand":[],"product_cat":[2565,2566],"product_tag":[],"class_list":{"0":"post-287241","1":"product","2":"type-product","3":"status-publish","4":"has-post-thumbnail","6":"product_cat-jaktryggsackar","7":"product_cat-jaktvaskor","8":"product_shipping_class-medium-sv","10":"first","11":"instock","12":"taxable","13":"shipping-taxable","14":"purchasable","15":"product-type-simple"},"composite_virtual":false,"composite_layout":"","composite_add_to_cart_form_location":"","composite_editable_in_cart":false,"composite_sold_individually_context":"","composite_shop_price_calc":"","composite_components":[],"composite_scenarios":[],"group_of_quantity":0,"min_quantity":0,"max_quantity":"","exclude_order_quantity_value_rules":"no","exclude_category_quantity_rules":"no","combine_variations":"no","exclude_global_add_ons":[],"addons":[],"_links":{"self":[{"href":"https:\/\/www.huntersfriend.eu\/sv\/wp-json\/wp\/v2\/product\/287241","targetHints":{"allow":["GET"]}}],"collection":[{"href":"https:\/\/www.huntersfriend.eu\/sv\/wp-json\/wp\/v2\/product"}],"about":[{"href":"https:\/\/www.huntersfriend.eu\/sv\/wp-json\/wp\/v2\/types\/product"}],"replies":[{"embeddable":true,"href":"https:\/\/www.huntersfriend.eu\/sv\/wp-json\/wp\/v2\/comments?post=287241"}],"wp:featuredmedia":[{"embeddable":true,"href":"https:\/\/www.huntersfriend.eu\/sv\/wp-json\/wp\/v2\/media\/246189"}],"wp:attachment":[{"href":"https:\/\/www.huntersfriend.eu\/sv\/wp-json\/wp\/v2\/media?parent=287241"}],"wp:term":[{"taxonomy":"product_brand","embeddable":true,"href":"https:\/\/www.huntersfriend.eu\/sv\/wp-json\/wp\/v2\/product_brand?post=287241"},{"taxonomy":"product_cat","embeddable":true,"href":"https:\/\/www.huntersfriend.eu\/sv\/wp-json\/wp\/v2\/product_cat?post=287241"},{"taxonomy":"product_tag","embeddable":true,"href":"https:\/\/www.huntersfriend.eu\/sv\/wp-json\/wp\/v2\/product_tag?post=287241"}],"curies":[{"name":"wp","href":"https:\/\/api.w.org\/{rel}","templated":true}]}}