{"id":285838,"date":"2025-03-19T17:27:12","date_gmt":"2025-03-19T15:27:12","guid":{"rendered":"https:\/\/www.huntersfriend.eu\/product\/nemo-fillo-elite-wide\/"},"modified":"2025-08-26T10:47:31","modified_gmt":"2025-08-26T08:47:31","slug":"nemo-fillo-elite-wide","status":"publish","type":"product","link":"https:\/\/www.huntersfriend.eu\/sv\/produkt\/nemo-fillo-elite-wide\/","title":{"rendered":"NEMO fillo elite wide"},"content":{"rendered":"<p class=\"\" data-start=\"0\" data-end=\"70\"><strong data-start=\"0\" data-end=\"70\">NEMO fillo\u2122 elite wide \u2013 ultral\u00e4tt och bekv\u00e4m campingkudde<\/strong><\/p>\n<p class=\"\" data-start=\"72\" data-end=\"382\">NEMO Fillo\u2122 Elite Wide \u00e4r designad f\u00f6r att ge exceptionell komfort f\u00f6r campare och vandrare som v\u00e4rdes\u00e4tter l\u00e4tt och kompakt utrustning. Denna bredare version av den prisbel\u00f6nta Fillo-kudden kombinerar en l\u00e4tt design, liten packstorlek och lyxig komfort, vilket s\u00e4kerst\u00e4ller kvalitetsvila \u00e4ven under kr\u00e4vande f\u00f6rh\u00e5llanden. <\/p>\n<p class=\"\" data-start=\"384\" data-end=\"413\"><strong data-start=\"384\" data-end=\"413\">Tekniska specifikationer:<\/strong><\/p>\n<ul data-start=\"414\" data-end=\"710\">\n<li class=\"\" data-start=\"414\" data-end=\"446\">\n<p class=\"\" data-start=\"416\" data-end=\"446\"><strong data-start=\"416\" data-end=\"431\">M\u00e5tt:<\/strong> 53 x 28 x 8 cm<\/p>\n<\/li>\n<li class=\"\" data-start=\"447\" data-end=\"466\">\n<p class=\"\" data-start=\"449\" data-end=\"466\"><strong data-start=\"449\" data-end=\"460\">Vikt:<\/strong> 113 g<\/p>\n<\/li>\n<li class=\"\" data-start=\"467\" data-end=\"528\">\n<p class=\"\" data-start=\"469\" data-end=\"528\"><strong data-start=\"469\" data-end=\"485\">Packstorlek:<\/strong> Ungef\u00e4r lika stor som en l\u00e4skburk<\/p>\n<\/li>\n<li class=\"\" data-start=\"529\" data-end=\"710\">\n<p class=\"\" data-start=\"531\" data-end=\"544\"><strong data-start=\"531\" data-end=\"544\">Material:<\/strong><\/p>\n<ul data-start=\"547\" data-end=\"710\">\n<li class=\"\" data-start=\"547\" data-end=\"616\">\n<p class=\"\" data-start=\"549\" data-end=\"616\"><strong data-start=\"549\" data-end=\"559\">\u00d6verdrag:<\/strong> Avtagbart och maskintv\u00e4ttbart tyg av \u00e5tervunnen polyester<\/p>\n<\/li>\n<li class=\"\" data-start=\"619\" data-end=\"669\">\n<p class=\"\" data-start=\"621\" data-end=\"669\"><strong data-start=\"621\" data-end=\"633\">Fyllning:<\/strong> 100 % \u00e5tervunnen Zerofiber\u2122-isolering<\/p>\n<\/li>\n<li class=\"\" data-start=\"672\" data-end=\"710\">\n<p class=\"\" data-start=\"674\" data-end=\"710\"><strong data-start=\"674\" data-end=\"683\">K\u00e4rna:<\/strong> I-balkstrukturerad luftcell<\/p>\n<\/li>\n<\/ul>\n<\/li>\n<\/ul>\n<p class=\"\" data-start=\"712\" data-end=\"725\"><strong data-start=\"712\" data-end=\"725\">Funktioner:<\/strong><\/p>\n<ul data-start=\"726\" data-end=\"1395\">\n<li class=\"\" data-start=\"726\" data-end=\"909\">\n<p class=\"\" data-start=\"728\" data-end=\"909\"><strong data-start=\"728\" data-end=\"759\">I-balkstrukturerad luftcell:<\/strong> Den 3 tum (cirka 7,6 cm) tjocka luftcellen st\u00f6der huvudet och f\u00f6rhindrar \u201cballongeffekten\u201d, vilket bibeh\u00e5ller kuddens form hela natten.<\/p>\n<\/li>\n<li class=\"\" data-start=\"910\" data-end=\"1053\">\n<p class=\"\" data-start=\"912\" data-end=\"1053\"><strong data-start=\"912\" data-end=\"938\">Zerofiber\u2122-isolering:<\/strong> Tillverkad av 100 % \u00e5tervunnet isoleringsmaterial, vilket ger en mjuk och bekv\u00e4m k\u00e4nsla samtidigt som det tillf\u00f6r v\u00e4rme och komfort.<\/p>\n<\/li>\n<li class=\"\" data-start=\"1054\" data-end=\"1167\">\n<p class=\"\" data-start=\"1056\" data-end=\"1167\"><strong data-start=\"1056\" data-end=\"1073\">Bredare design:<\/strong> Ger mer utrymme och komfort f\u00f6r campingf\u00f6rh\u00e5llanden utan att \u00f6ka vikten n\u00e4mnv\u00e4rt.<\/p>\n<\/li>\n<li class=\"\" data-start=\"1168\" data-end=\"1299\">\n<p class=\"\" data-start=\"1170\" data-end=\"1299\"><strong data-start=\"1170\" data-end=\"1190\">Kompakt packning:<\/strong> Kudden packas ner mycket litet med hj\u00e4lp av den integrerade f\u00f6rvaringsv\u00e4skan, vilket g\u00f6r den l\u00e4tt att b\u00e4ra i ryggs\u00e4cken.<\/p>\n<\/li>\n<li class=\"\" data-start=\"1300\" data-end=\"1395\">\n<p class=\"\" data-start=\"1302\" data-end=\"1395\"><strong data-start=\"1302\" data-end=\"1320\">Enkel reng\u00f6ring:<\/strong> Det avtagbara, maskintv\u00e4ttbara \u00f6verdraget h\u00e5ller kudden fr\u00e4sch och hygienisk.<\/p>\n<\/li>\n<\/ul>\n<p class=\"\" data-start=\"1397\" data-end=\"1610\">NEMO Fillo\u2122 Elite Wide kombinerar en l\u00e4tt design, liten packstorlek och utm\u00e4rkt komfort, vilket g\u00f6r den till det perfekta valet f\u00f6r vandrare och campare som inte vill kompromissa med s\u00f6mnkvaliteten utomhus.<\/p>\n","protected":false},"excerpt":{"rendered":"<p>NEMO fillo\u2122 elite wide \u2013 ultral\u00e4tt och bekv\u00e4m campingkudde NEMO Fillo\u2122 Elite Wide \u00e4r designad f\u00f6r att ge exceptionell komfort f\u00f6r campare och vandrare som v\u00e4rdes\u00e4tter l\u00e4tt och kompakt utrustning. Denna bredare version av den prisbel\u00f6nta Fillo-kudden kombinerar en l\u00e4tt design, liten packstorlek och lyxig komfort, vilket s\u00e4kerst\u00e4ller kvalitetsvila \u00e4ven under kr\u00e4vande f\u00f6rh\u00e5llanden. Tekniska specifikationer: [&#8230;]\n","protected":false},"featured_media":277907,"comment_status":"open","ping_status":"closed","template":"","meta":[],"product_brand":[],"product_cat":[2572],"product_tag":[],"class_list":{"0":"post-285838","1":"product","2":"type-product","3":"status-publish","4":"has-post-thumbnail","6":"product_cat-faltsangar-och-liggunderlag","8":"first","9":"instock","10":"taxable","11":"shipping-taxable","12":"purchasable","13":"product-type-simple"},"composite_virtual":false,"composite_layout":"","composite_add_to_cart_form_location":"","composite_editable_in_cart":false,"composite_sold_individually_context":"","composite_shop_price_calc":"","composite_components":[],"composite_scenarios":[],"group_of_quantity":0,"min_quantity":0,"max_quantity":"","exclude_order_quantity_value_rules":"no","exclude_category_quantity_rules":"no","combine_variations":"no","exclude_global_add_ons":[],"addons":[],"_links":{"self":[{"href":"https:\/\/www.huntersfriend.eu\/sv\/wp-json\/wp\/v2\/product\/285838","targetHints":{"allow":["GET"]}}],"collection":[{"href":"https:\/\/www.huntersfriend.eu\/sv\/wp-json\/wp\/v2\/product"}],"about":[{"href":"https:\/\/www.huntersfriend.eu\/sv\/wp-json\/wp\/v2\/types\/product"}],"replies":[{"embeddable":true,"href":"https:\/\/www.huntersfriend.eu\/sv\/wp-json\/wp\/v2\/comments?post=285838"}],"wp:featuredmedia":[{"embeddable":true,"href":"https:\/\/www.huntersfriend.eu\/sv\/wp-json\/wp\/v2\/media\/277907"}],"wp:attachment":[{"href":"https:\/\/www.huntersfriend.eu\/sv\/wp-json\/wp\/v2\/media?parent=285838"}],"wp:term":[{"taxonomy":"product_brand","embeddable":true,"href":"https:\/\/www.huntersfriend.eu\/sv\/wp-json\/wp\/v2\/product_brand?post=285838"},{"taxonomy":"product_cat","embeddable":true,"href":"https:\/\/www.huntersfriend.eu\/sv\/wp-json\/wp\/v2\/product_cat?post=285838"},{"taxonomy":"product_tag","embeddable":true,"href":"https:\/\/www.huntersfriend.eu\/sv\/wp-json\/wp\/v2\/product_tag?post=285838"}],"curies":[{"name":"wp","href":"https:\/\/api.w.org\/{rel}","templated":true}]}}