{"id":285520,"date":"2025-05-26T13:43:18","date_gmt":"2025-05-26T11:43:18","guid":{"rendered":"https:\/\/www.huntersfriend.eu\/product\/alperna-bergsklattring-caldera-ryggsack-75l-och-90l\/"},"modified":"2025-08-26T10:30:50","modified_gmt":"2025-08-26T08:30:50","slug":"alperna-bergsklattring-caldera-ryggsack-75l-och-90l","status":"publish","type":"product","link":"https:\/\/www.huntersfriend.eu\/sv\/produkt\/alperna-bergsklattring-caldera-ryggsack-75l-och-90l\/","title":{"rendered":"Alperna bergskl\u00e4ttring Caldera-ryggs\u00e4ck 75L och 90L"},"content":{"rendered":"<p>Caldera-ryggs\u00e4cken finns i tv\u00e5 storlekar, vilket ger alla backpackers tillg\u00e5ng till denna m\u00e5ngsidiga ryggs\u00e4ck. Huvudfacket har en horisontell avdelare f\u00f6r att h\u00e5lla din utrustning organiserad och l\u00e4ttillg\u00e4nglig. Den nedre delen av ryggs\u00e4cken kan n\u00e5s snabbt fr\u00e5n den stora #10-dragkedjan. Huvuddelen av ryggs\u00e4cken kan lastas fr\u00e5n toppen med ett utdragbart och avtagbart topplock som \u00e4ven fungerar som en midjev\u00e4ska. Bakom det fr\u00e4mre vingsn\u00f6rningssystemet sitter en gener\u00f6s dragkedja framtill som g\u00f6r att du kan hitta exakt det du beh\u00f6ver utan att packa upp allt. Sidofickorna erbjuder plats f\u00f6r vandringsstavar och vattenflaskor f\u00f6r att h\u00e5lla dig hydrerad.     <\/p>\n<div class=\"list-heading\">Caldera 75 funktioner<\/div>\n<ul>\n<li style=\"list-style-type: none;\">\n<ul>\n<li>L\u00e4ttviktigt 200D nylon dubbel ripstop-tyg<\/li>\n<li>Avtagbar br\u00f6strem<\/li>\n<li>Fram\u00e5tdragande \u00e5tdragningsbart midjeb\u00e4lte<\/li>\n<li>Axelremmens vaddering omsluter ryggen f\u00f6r maximal komfort<\/li>\n<li>Dubbla aluminiumramstag<\/li>\n<li>Intern horisontell avdelare<\/li>\n<li>Gener\u00f6s \u00e5tkomst framifr\u00e5n till huvudfacket<\/li>\n<li>Full \u00e5tkomst till det nedre facket &#8211; #10 dragkedja<\/li>\n<li>Toppfickan kan omvandlas till en midjev\u00e4ska<\/li>\n<li>Topplastning &#8211; expanderbart topplock<\/li>\n<li>\u201c\u00d6verst\u201d komprimering och flera sidokompressionsremmar<\/li>\n<li>Spindrift-krage med dragsko<\/li>\n<li>Stretchficka fram<\/li>\n<li>Fr\u00e4mre vingsn\u00f6rningssystem<\/li>\n<li>Traditionella vandringsstavslingor<\/li>\n<li>Sidofickor i stretch f\u00f6r vattenflaska<\/li>\n<li>R\u00e4ddningsvissla p\u00e5 br\u00f6stremmen<\/li>\n<li>Kompatibel med v\u00e4tskesystem med portar p\u00e5 b\u00e5da sidor och trepunktsf\u00e4ste f\u00f6r v\u00e4tskebeh\u00e5llare<\/li>\n<li>Luftn\u00e4tst\u00e4ckt upph\u00e4ngning ger maximalt luftfl\u00f6de<\/li>\n<li>Avtagbart vadderat midjeb\u00e4lte med fickor<\/li>\n<li><a href=\"https:\/\/alpsmountaineering.com\/caldera-75-harness.html\">Litet selalternativ tillg\u00e4ngligt<\/a><\/li>\n<li><a href=\"https:\/\/alpsmountaineering.com\/caldera-75-waist-belt.html\">Sm\u00e5 och XL midjeb\u00e4ltesalternativ tillg\u00e4ngliga<\/a><\/li>\n<li>Regnskyddet f\u00f6rvaras prydligt i en ficka med dragkedja p\u00e5 sidan av ryggs\u00e4cken tills det beh\u00f6vs<\/li>\n<\/ul>\n<\/li>\n<\/ul>\n<table>\n<tbody>\n<tr>\n<th colspan=\"2\" scope=\"col\">Caldera 75<\/th>\n<\/tr>\n<tr>\n<th scope=\"row\">Kapacitet<\/th>\n<td>75L \/ 4575 in\u00b3<\/td>\n<\/tr>\n<tr>\n<th scope=\"row\">Torso range<\/th>\n<td>15.5 &#8211; 20.5&#8243;<\/td>\n<\/tr>\n<tr>\n<th scope=\"row\">Midjeb\u00e4ltesomf\u00e5ng<\/th>\n<td>32 &#8211; 51&#8243;<\/td>\n<\/tr>\n<tr>\n<th scope=\"row\">Vikt<\/th>\n<td>5 lbs. 11 oz. <\/td>\n<\/tr>\n<\/tbody>\n<\/table>\n<div><\/div>\n<div class=\"list-heading\">Caldera 90 funktioner<\/div>\n<ul>\n<li>L\u00e4ttviktigt 200D nylon dubbel ripstop-tyg<\/li>\n<li>Avtagbar br\u00f6strem<\/li>\n<li>Fram\u00e5tdragande \u00e5tdragningsbart midjeb\u00e4lte<\/li>\n<li>Axelremmens vaddering omsluter ryggen f\u00f6r maximal komfort<\/li>\n<li>Dubbla aluminiumramstag<\/li>\n<li>Intern horisontell avdelare<\/li>\n<li>Gener\u00f6s \u00e5tkomst framifr\u00e5n till huvudfacket<\/li>\n<li>Full \u00e5tkomst till det nedre facket &#8211; #10 dragkedja<\/li>\n<li>Toppfickan kan omvandlas till en midjev\u00e4ska<\/li>\n<li>Topplastning &#8211; expanderbart topplock<\/li>\n<li>Spindrift-krage med dragsko<\/li>\n<li>Stretchficka fram<\/li>\n<li>Fr\u00e4mre vingsn\u00f6rningssystem<\/li>\n<li>Traditionella vandringsstavslingor<\/li>\n<li>\u201c\u00d6verst\u201d komprimering och flera sidokompressionsremmar<\/li>\n<li>Sidofickor i stretch f\u00f6r vattenflaska<\/li>\n<li>Kompatibel med v\u00e4tskesystem med portar p\u00e5 b\u00e5da sidor och trepunktsf\u00e4ste f\u00f6r v\u00e4tskebeh\u00e5llare<\/li>\n<li>Luftn\u00e4tst\u00e4ckt upph\u00e4ngning ger maximalt luftfl\u00f6de<\/li>\n<li>Avtagbart vadderat midjeb\u00e4lte med fickor<\/li>\n<li>R\u00e4ddningsvissla p\u00e5 br\u00f6stremmen<\/li>\n<li><a href=\"https:\/\/alpsmountaineering.com\/caldera-90-harness.html\">Litet selalternativ tillg\u00e4ngligt<\/a><\/li>\n<li><a href=\"https:\/\/alpsmountaineering.com\/caldera-90-waist-belt-updated.html\">Sm\u00e5 och XL midjeb\u00e4ltesalternativ tillg\u00e4ngliga<\/a><\/li>\n<li>Regnskyddet f\u00f6rvaras snyggt i en ficka med dragkedja p\u00e5 ryggs\u00e4ckens botten tills det beh\u00f6vs<\/li>\n<\/ul>\n<table>\n<tbody>\n<tr>\n<th colspan=\"2\" scope=\"col\">Caldera 90<\/th>\n<\/tr>\n<tr>\n<th scope=\"row\">Kapacitet<\/th>\n<td>90L \/ 5500 in\u00b3<\/td>\n<\/tr>\n<tr>\n<th scope=\"row\">Torso range<\/th>\n<td>16 &#8211; 22&#8243;<\/td>\n<\/tr>\n<tr>\n<th scope=\"row\">Midjeb\u00e4ltesomf\u00e5ng<\/th>\n<td>32 &#8211; 51&#8243;<\/td>\n<\/tr>\n<tr>\n<th scope=\"row\">Vikt<\/th>\n<td>5 lbs. 15 oz. <\/td>\n<\/tr>\n<\/tbody>\n<\/table>\n","protected":false},"excerpt":{"rendered":"<p>Caldera-ryggs\u00e4cken finns i tv\u00e5 storlekar, vilket ger alla backpackers tillg\u00e5ng till denna m\u00e5ngsidiga ryggs\u00e4ck. Huvudfacket har en horisontell avdelare f\u00f6r att h\u00e5lla din utrustning organiserad och l\u00e4ttillg\u00e4nglig. Den nedre delen av ryggs\u00e4cken kan n\u00e5s snabbt fr\u00e5n den stora #10-dragkedjan. Huvuddelen av ryggs\u00e4cken kan lastas fr\u00e5n toppen med ett utdragbart och avtagbart topplock som \u00e4ven fungerar [&#8230;]\n","protected":false},"featured_media":279287,"comment_status":"open","ping_status":"closed","template":"","meta":[],"product_brand":[],"product_cat":[2523],"product_tag":[],"class_list":{"0":"post-285520","1":"product","2":"type-product","3":"status-publish","4":"has-post-thumbnail","6":"product_cat-ryggsackar","7":"product_shipping_class-medium-sv","9":"first","10":"instock","11":"sale","12":"taxable","13":"shipping-taxable","14":"purchasable","15":"product-type-variable"},"composite_virtual":false,"composite_layout":"","composite_add_to_cart_form_location":"","composite_editable_in_cart":false,"composite_sold_individually_context":"","composite_shop_price_calc":"","composite_components":[],"composite_scenarios":[],"group_of_quantity":0,"min_quantity":0,"max_quantity":"","exclude_order_quantity_value_rules":"no","exclude_category_quantity_rules":"no","combine_variations":"no","exclude_global_add_ons":[],"addons":[],"_links":{"self":[{"href":"https:\/\/www.huntersfriend.eu\/sv\/wp-json\/wp\/v2\/product\/285520","targetHints":{"allow":["GET"]}}],"collection":[{"href":"https:\/\/www.huntersfriend.eu\/sv\/wp-json\/wp\/v2\/product"}],"about":[{"href":"https:\/\/www.huntersfriend.eu\/sv\/wp-json\/wp\/v2\/types\/product"}],"replies":[{"embeddable":true,"href":"https:\/\/www.huntersfriend.eu\/sv\/wp-json\/wp\/v2\/comments?post=285520"}],"wp:featuredmedia":[{"embeddable":true,"href":"https:\/\/www.huntersfriend.eu\/sv\/wp-json\/wp\/v2\/media\/279287"}],"wp:attachment":[{"href":"https:\/\/www.huntersfriend.eu\/sv\/wp-json\/wp\/v2\/media?parent=285520"}],"wp:term":[{"taxonomy":"product_brand","embeddable":true,"href":"https:\/\/www.huntersfriend.eu\/sv\/wp-json\/wp\/v2\/product_brand?post=285520"},{"taxonomy":"product_cat","embeddable":true,"href":"https:\/\/www.huntersfriend.eu\/sv\/wp-json\/wp\/v2\/product_cat?post=285520"},{"taxonomy":"product_tag","embeddable":true,"href":"https:\/\/www.huntersfriend.eu\/sv\/wp-json\/wp\/v2\/product_tag?post=285520"}],"curies":[{"name":"wp","href":"https:\/\/api.w.org\/{rel}","templated":true}]}}