{"id":279536,"date":"2025-05-26T13:43:18","date_gmt":"2025-05-26T11:43:18","guid":{"rendered":"https:\/\/www.huntersfriend.eu\/product\/alps-mountaineering-caldera-rucksack-75l-und-90l\/"},"modified":"2025-06-18T07:31:15","modified_gmt":"2025-06-18T05:31:15","slug":"alps-mountaineering-caldera-rucksack-75l-und-90l","status":"publish","type":"product","link":"https:\/\/www.huntersfriend.eu\/de\/produkt\/alps-mountaineering-caldera-rucksack-75l-und-90l\/","title":{"rendered":"Alps mountaineering Caldera Rucksack 75L und 90L"},"content":{"rendered":"<p>Der Caldera Rucksack ist in zwei Gr\u00f6\u00dfen erh\u00e4ltlich, wodurch jeder Wanderer Zugang zu diesem vielseitigen Rucksack erh\u00e4lt. Das Hauptfach verf\u00fcgt \u00fcber eine horizontale Trennwand, um Ihre Ausr\u00fcstung organisiert und leicht zug\u00e4nglich zu halten. Der untere Teil des Rucksacks ist schnell \u00fcber den gro\u00dfen #10 Rei\u00dfverschluss erreichbar. Der Hauptteil des Rucksacks kann von oben mit einem erweiterbaren und abnehmbaren Deckel beladen werden, der gleichzeitig als H\u00fcfttasche dient. Hinter dem vorderen Befestigungssystem befindet sich ein gro\u00dfz\u00fcgiger Frontrei\u00dfverschluss, der es Ihnen erm\u00f6glicht, genau das zu finden, was Sie ben\u00f6tigen, ohne alles auspacken zu m\u00fcssen. Die Seitentaschen bieten Platz f\u00fcr Trekkingst\u00f6cke und Wasserflaschen, um Sie hydratisiert zu halten.     <\/p>\n<div class=\"list-heading\">Caldera 75 Eigenschaften<\/div>\n<ul>\n<li style=\"list-style-type: none;\">\n<ul>\n<li>Leichtes 200D Nylon-Doppelripstop-Gewebe<\/li>\n<li>Abnehmbarer Brustgurt<\/li>\n<li>Nach vorne ziehbarer H\u00fcftgurt<\/li>\n<li>Schultertr\u00e4gerpolsterung reicht bis zum R\u00fccken f\u00fcr maximalen Komfort<\/li>\n<li>Doppelte Aluminiumrahmenst\u00e4be<\/li>\n<li>Interne horizontale Trennwand<\/li>\n<li>Gro\u00dfz\u00fcgiger Frontzugang zum Hauptfach<\/li>\n<li>Vollzugriff auf das untere Fach &#8211; #10 Rei\u00dfverschluss<\/li>\n<li>Obere Tasche wandelbar in H\u00fcfttasche<\/li>\n<li>Toplader &#8211; erweiterbarer Deckel<\/li>\n<li>\u201e\u00dcber-Kopf\u201c Kompression und mehrere seitliche Kompressionsriemen<\/li>\n<li>Schneefangkragen mit Kordelzug<\/li>\n<li>Dehnbare Fronttasche<\/li>\n<li>Vorderes Fl\u00fcgelbefestigungssystem<\/li>\n<li>Traditionelle Trekkingstockschlaufen<\/li>\n<li>Dehnbare seitliche Flaschenhalter<\/li>\n<li>Rettungspfeife am Brustgurt<\/li>\n<li>Hydrationssystem-kompatibel mit beidseitigen \u00d6ffnungen und Drei-Punkt-Reservoirbefestigung<\/li>\n<li>Luftdurchl\u00e4ssige Netzaufh\u00e4ngung f\u00fcr maximale Bel\u00fcftung<\/li>\n<li>Abnehmbarer gepolsterter H\u00fcftgurt mit Taschen<\/li>\n<li><a href=\"https:\/\/alpsmountaineering.com\/caldera-75-harness.html\">Kleine Tragegurtgr\u00f6\u00dfe verf\u00fcgbar<\/a><\/li>\n<li><a href=\"https:\/\/alpsmountaineering.com\/caldera-75-waist-belt.html\">Kleine und XL-H\u00fcftgurtoptionen verf\u00fcgbar<\/a><\/li>\n<li>Regenh\u00fclle ist ordentlich in einer Rei\u00dfverschlusstasche an der Seite des Rucksacks verstaut, bis sie ben\u00f6tigt wird<\/li>\n<\/ul>\n<\/li>\n<\/ul>\n<table>\n<tbody>\n<tr>\n<th colspan=\"2\" scope=\"col\">Caldera 75<\/th>\n<\/tr>\n<tr>\n<th scope=\"row\">Kapazit\u00e4t<\/th>\n<td>75L \/ 4575 in\u00b3<\/td>\n<\/tr>\n<tr>\n<th scope=\"row\">Oberk\u00f6rperl\u00e4ngenbereich<\/th>\n<td>39,4 &#8211; 52,1 cm<\/td>\n<\/tr>\n<tr>\n<th scope=\"row\">H\u00fcftgurtbereich<\/th>\n<td>81,3 &#8211; 129,5 cm<\/td>\n<\/tr>\n<tr>\n<th scope=\"row\">Gewicht<\/th>\n<td>2,58 kg <\/td>\n<\/tr>\n<\/tbody>\n<\/table>\n<div><\/div>\n<div class=\"list-heading\">Caldera 90 Eigenschaften<\/div>\n<ul>\n<li>Leichtes 200D Nylon-Doppelripstop-Gewebe<\/li>\n<li>Abnehmbarer Brustgurt<\/li>\n<li>Nach vorne ziehbarer H\u00fcftgurt<\/li>\n<li>Schultertr\u00e4gerpolsterung reicht bis zum R\u00fccken f\u00fcr maximalen Komfort<\/li>\n<li>Doppelte Aluminiumrahmenst\u00e4be<\/li>\n<li>Interne horizontale Trennwand<\/li>\n<li>Gro\u00dfz\u00fcgiger Frontzugang zum Hauptfach<\/li>\n<li>Vollzugriff auf das untere Fach &#8211; #10 Rei\u00dfverschluss<\/li>\n<li>Obere Tasche wandelbar in H\u00fcfttasche<\/li>\n<li>Toplader &#8211; erweiterbarer Deckel<\/li>\n<li>Schneefangkragen mit Kordelzug<\/li>\n<li>Dehnbare Fronttasche<\/li>\n<li>Vorderes Fl\u00fcgelbefestigungssystem<\/li>\n<li>Traditionelle Trekkingstockschlaufen<\/li>\n<li>\u201e\u00dcber-Kopf\u201c Kompression und mehrere seitliche Kompressionsriemen<\/li>\n<li>Dehnbare seitliche Flaschenhalter<\/li>\n<li>Hydrationssystem-kompatibel mit beidseitigen \u00d6ffnungen und Drei-Punkt-Reservoirbefestigung<\/li>\n<li>Luftdurchl\u00e4ssige Netzaufh\u00e4ngung f\u00fcr maximale Bel\u00fcftung<\/li>\n<li>Abnehmbarer gepolsterter H\u00fcftgurt mit Taschen<\/li>\n<li>Rettungspfeife am Brustgurt<\/li>\n<li><a href=\"https:\/\/alpsmountaineering.com\/caldera-90-harness.html\">Kleine Tragegurtgr\u00f6\u00dfe verf\u00fcgbar<\/a><\/li>\n<li><a href=\"https:\/\/alpsmountaineering.com\/caldera-90-waist-belt-updated.html\">Kleine und XL-H\u00fcftgurtoptionen verf\u00fcgbar<\/a><\/li>\n<li>Regenh\u00fclle ist ordentlich in einer Rei\u00dfverschlusstasche am Boden des Rucksacks verstaut, bis sie ben\u00f6tigt wird<\/li>\n<\/ul>\n<table>\n<tbody>\n<tr>\n<th colspan=\"2\" scope=\"col\">Caldera 90<\/th>\n<\/tr>\n<tr>\n<th scope=\"row\">Kapazit\u00e4t<\/th>\n<td>90L \/ 5500 in\u00b3<\/td>\n<\/tr>\n<tr>\n<th scope=\"row\">Oberk\u00f6rperl\u00e4ngenbereich<\/th>\n<td>40,6 &#8211; 55,9 cm<\/td>\n<\/tr>\n<tr>\n<th scope=\"row\">H\u00fcftgurtbereich<\/th>\n<td>81,3 &#8211; 129,5 cm<\/td>\n<\/tr>\n<tr>\n<th scope=\"row\">Gewicht<\/th>\n<td>2,69 kg <\/td>\n<\/tr>\n<\/tbody>\n<\/table>\n","protected":false},"excerpt":{"rendered":"<p>Der Caldera Rucksack ist in zwei Gr\u00f6\u00dfen erh\u00e4ltlich, wodurch jeder Wanderer Zugang zu diesem vielseitigen Rucksack erh\u00e4lt. Das Hauptfach verf\u00fcgt \u00fcber eine horizontale Trennwand, um Ihre Ausr\u00fcstung organisiert und leicht zug\u00e4nglich zu halten. Der untere Teil des Rucksacks ist schnell \u00fcber den gro\u00dfen #10 Rei\u00dfverschluss erreichbar. Der Hauptteil des Rucksacks kann von oben mit einem [&#8230;]\n","protected":false},"featured_media":279286,"comment_status":"open","ping_status":"closed","template":"","meta":[],"product_brand":[],"product_cat":[2043],"product_tag":[],"class_list":{"0":"post-279536","1":"product","2":"type-product","3":"status-publish","4":"has-post-thumbnail","6":"product_cat-rucksacke","7":"product_shipping_class-medium-de","9":"first","10":"instock","11":"sale","12":"taxable","13":"shipping-taxable","14":"purchasable","15":"product-type-variable"},"composite_virtual":false,"composite_layout":"","composite_add_to_cart_form_location":"","composite_editable_in_cart":false,"composite_sold_individually_context":"","composite_shop_price_calc":"","composite_components":[],"composite_scenarios":[],"group_of_quantity":0,"min_quantity":0,"max_quantity":"","exclude_order_quantity_value_rules":"no","exclude_category_quantity_rules":"no","combine_variations":"no","exclude_global_add_ons":[],"addons":[],"_links":{"self":[{"href":"https:\/\/www.huntersfriend.eu\/de\/wp-json\/wp\/v2\/product\/279536","targetHints":{"allow":["GET"]}}],"collection":[{"href":"https:\/\/www.huntersfriend.eu\/de\/wp-json\/wp\/v2\/product"}],"about":[{"href":"https:\/\/www.huntersfriend.eu\/de\/wp-json\/wp\/v2\/types\/product"}],"replies":[{"embeddable":true,"href":"https:\/\/www.huntersfriend.eu\/de\/wp-json\/wp\/v2\/comments?post=279536"}],"wp:featuredmedia":[{"embeddable":true,"href":"https:\/\/www.huntersfriend.eu\/de\/wp-json\/wp\/v2\/media\/279286"}],"wp:attachment":[{"href":"https:\/\/www.huntersfriend.eu\/de\/wp-json\/wp\/v2\/media?parent=279536"}],"wp:term":[{"taxonomy":"product_brand","embeddable":true,"href":"https:\/\/www.huntersfriend.eu\/de\/wp-json\/wp\/v2\/product_brand?post=279536"},{"taxonomy":"product_cat","embeddable":true,"href":"https:\/\/www.huntersfriend.eu\/de\/wp-json\/wp\/v2\/product_cat?post=279536"},{"taxonomy":"product_tag","embeddable":true,"href":"https:\/\/www.huntersfriend.eu\/de\/wp-json\/wp\/v2\/product_tag?post=279536"}],"curies":[{"name":"wp","href":"https:\/\/api.w.org\/{rel}","templated":true}]}}